{"id":3,"date":"2018-07-02T19:20:24","date_gmt":"2018-07-02T17:20:24","guid":{"rendered":"http:\/\/fewo-am-grossen-stein.de\/?page_id=3"},"modified":"2021-08-12T10:04:31","modified_gmt":"2021-08-12T08:04:31","slug":"datenschutzerklaerung","status":"publish","type":"page","link":"https:\/\/fewo-am-grossen-stein.de\/fewo\/datenschutzerklaerung\/","title":{"rendered":"Datenschutzerkl\u00e4rung"},"content":{"rendered":"\n<h1 class=\"wp-block-heading\"><\/h1>\n\n\n\n<p>Mit dieser Datenschutzerkl\u00e4rung m\u00f6chten wir Sie \u00fcber Art, Umfang und Zweck der Verarbeitung von personenbezogenen Daten (im Folgenden auch nur als &#8222;Daten&#8220; bezeichnet) aufkl\u00e4ren. Personenbezogene Daten sind alle Daten, die einen pers\u00f6nlichen Bezug zu Ihnen aufweisen, z. B. Name, Adresse, E-Mail-Adresse oder Ihr Nutzerverhalten. Die Datenschutzerkl\u00e4rung gilt f\u00fcr alle von uns vorgenommene Daten-Verarbeitungsvorg\u00e4nge sowohl im Rahmen unserer Kernt\u00e4tigkeit als auch f\u00fcr die von uns vorgehaltenen Online-Medien.<\/p>\n\n\n\n<h2 class=\"wp-block-heading\">Wer bei uns f\u00fcr die Datenverarbeitung verantwortlich ist<\/h2>\n\n\n\n<p>Verantwortlich f\u00fcr die Datenverarbeitung ist:<\/p>\n\n\n\n<p>Ferienwohnung am gro\u00dfen Stein<br>Carmen Paul<br>Friedenstra\u00dfe 43 Geb\u00e4ude 44<br>02794 Leutersdorf<br>Deutschland<br>01577 1510141<br>info@fewo-am-grossen-stein.de<\/p>\n\n\n\n<h2 class=\"wp-block-heading\">Ihre Rechte nach der DSGVO<\/h2>\n\n\n\n<p>Nach der DSGVO stehen Ihnen die nachfolgend aufgef\u00fchrten Rechte zu, die Sie jederzeit bei dem in Ziffer 1. dieser Datenschutzerkl\u00e4rung genannten Verantwortlichen geltend machen k\u00f6nnen:<\/p>\n\n\n\n<ul class=\"wp-block-list\"><li><strong>Recht auf Auskunft:<\/strong> Sie haben das Recht, von uns Auskunft dar\u00fcber zu verlangen, ob und welche Daten wir von Ihnen verarbeiten.<\/li><li><strong>Recht auf Berichtigung:<\/strong> Sie haben das Recht, die Berichtigung unrichtiger oder Vervollst\u00e4ndigung unvollst\u00e4ndiger Daten zu verlangen.<\/li><li><strong>Recht auf L\u00f6schung:<\/strong> Sie haben das Recht, die L\u00f6schung Ihrer Daten zu verlangen.<\/li><li><strong>Recht auf Einschr\u00e4nkung:<\/strong> Sie haben in bestimmten F\u00e4llen das Recht zu verlangen, dass wir Ihre Daten nur noch eingeschr\u00e4nkt bearbeiten.<\/li><li><strong>Recht auf Daten\u00fcbertragbarkeit:<\/strong> Sie haben das Recht zu verlangen, dass wir Ihnen oder einem anderen Verantwortlichen Ihre Daten in einem strukturierten, g\u00e4ngigen und maschinenlesebaren Format \u00fcbermitteln.<\/li><li><strong>Beschwerderecht<\/strong>: Sie haben das Recht, sich bei einer Aufsichtsbeh\u00f6rde zu beschweren. Zust\u00e4ndig ist die Aufsichtsbeh\u00f6rde Ihres \u00fcblichen Aufenthaltsortes, Ihres Arbeitsplatzes oder unseres Firmensitzes.<\/li><\/ul>\n\n\n\n<h3 class=\"wp-block-heading\">Widerrufsrecht<\/h3>\n\n\n\n<p>Sie haben das Recht, die von Ihnen erteilte Einwilligung zur Datenverarbeitung jederzeit zu widerrufen.<\/p>\n\n\n\n<h3 class=\"wp-block-heading\">Widerspruchsrecht<\/h3>\n\n\n\n<p>Sie haben das Recht, jederzeit gegen die Verarbeitung Ihrer Daten, die wir auf unser berechtigtes Interesse nach Art. 6 Abs. 1 lit. f DSGVO st\u00fctzen, Widerspruch einzulegen. Sofern Sie von Ihrem Widerspruchsrecht Gebrauch machen, bitten wir Sie um die Darlegung der Gr\u00fcnde. Wir werden Ihre personenbezogenen Daten dann nicht mehr verarbeiten, es sei denn, wir k\u00f6nnen Ihnen gegen\u00fcber nachweisen, dass zwingende schutzw\u00fcrdige Gr\u00fcnde an der Datenverarbeitung Ihre Interessen und Rechte \u00fcberwiegen.<\/p>\n\n\n\n<p><strong>Unabh\u00e4ngig vom vorstehend Gesagten, haben Sie das jederzeitige Recht, der Verarbeitung Ihrer personenbezogenen Daten f\u00fcr Zwecke der Werbung und Datenanalyse zu widersprechen.<\/strong><\/p>\n\n\n\n<p>Ihren Widerspruch richten Sie bitte an die oben angegebene Kontaktadresse des Verantwortlichen.<\/p>\n\n\n\n<h2 class=\"wp-block-heading\">Wann l\u00f6schen wir Ihre Daten?<\/h2>\n\n\n\n<p>Wir l\u00f6schen Ihre Daten dann, wenn wir diese nicht mehr brauchen oder Sie uns dies vorgeben. Dass bedeutet, dass &#8211; sofern sich aus den einzelnen Datenschutzhinweisen dieser Datenschutzerkl\u00e4rung nichts anderes ergibt &#8211; wir Ihre Daten l\u00f6schen,<\/p>\n\n\n\n<ul class=\"wp-block-list\"><li>wenn der Zweck der Datenverarbeitung weggefallen ist und damit die jeweilige in den einzelnen Datenschutzhinweisen genannte Rechtsgrundlage nicht mehr besteht, also bspw.<ul><li>nach Beendigung der zwischen uns bestehenden vertraglichen oder mitgliedschaftlichen Beziehungen (Art. 6 Abs. 1 lit. a DSGVO) oder<\/li><li>nach Wegfall unseres berechtigten Interesses an der weiteren Verarbeitung oder Speicherung Ihrer Daten (Art. 6 Abs. 1 lit. f DSGVO),<\/li><\/ul><\/li><li>wenn Sie von Ihrem Widerrufsrecht Gebrauch machen und keine anderweitige gesetzliche Rechtsgrundlage f\u00fcr die Verarbeitung im Sinne von Art. 6 Abs. 1 lit. b-f DSGVO eingreift,<\/li><li>wenn Sie vom Ihrem Widerspruchsrecht Gebrauch machen und der L\u00f6schung keine zwingenden schutzw\u00fcrdigen Gr\u00fcnde entgegenstehen.<\/li><\/ul>\n\n\n\n<p>Sofern wir (bestimmte Teile) Ihre(r) Daten jedoch noch f\u00fcr andere Zwecke vorhalten m\u00fcssen, weil dies etwa steuerliche Aufbewahrungsfristen (in der Regel 6 Jahre f\u00fcr Gesch\u00e4ftskorrespondenz bzw. 10 Jahre f\u00fcr Buchungsbelege) oder die Geltendmachung, Aus\u00fcbung oder Verteidigung von Rechtsanspr\u00fcchen aus vertraglichen Beziehungen (bis zu vier Jahren) erforderlich machen oder die Daten zum Schutz der Rechte einer anderen nat\u00fcrlichen oder juristischen Person gebraucht werden, l\u00f6schen wir (den Teil) Ihre(r) Daten erst nach Ablauf dieser Fristen. Bis zum Ablauf dieser Fristen beschr\u00e4nken wir die Verarbeitung dieser Daten jedoch auf diese Zwecke (Erf\u00fcllung der Aufbewahrungspflichten).<\/p>\n\n\n\n<h2 class=\"wp-block-heading\">Webhosting<\/h2>\n\n\n\n<p>Wir bedienen uns zum Vorhalten unserer Internetseiten eines Anbieters, auf dessen Server unsere Internetseiten gespeichert und f\u00fcr den Abruf im Internet verf\u00fcgbar gemacht werden (Hosting). Hierbei k\u00f6nnen von dem Anbieter all diejenigen \u00fcber den von Ihnen genutzten Browser \u00fcbertragenen Daten verarbeitet werden, die bei der Nutzung unserer Internetseiten anfallen. Hierzu geh\u00f6ren insbesondere Ihre IP-Adresse, die der Anbieter ben\u00f6tigt, um unser Online-Angebot an den von Ihnen genutzten Browser ausliefern zu k\u00f6nnen sowie s\u00e4mtliche von Ihnen \u00fcber unsere Internetseite get\u00e4tigten Eingaben. Daneben kann der von uns genutzte Anbieter&nbsp;&nbsp;<\/p>\n\n\n\n<ul class=\"wp-block-list\"><li>das Datum und die Uhrzeit des Zugriffs auf unsere Internetseite<\/li><li>Zeitzonendifferenz zur Greenwich Mean Time (GMT)<\/li><li>Zugriffsstatus (HTTP-Status)<\/li><li>die \u00fcbertragene Datenmenge<\/li><li>der Internet-Service-Provider des zugreifenden Systems<\/li><li>der von Ihnen verwendete Browsertyp und dessen Version<\/li><li>das von Ihnen verwendete Betriebssystem<\/li><li>die Internetseite, von welcher Sie gegebenenfalls auf unsere Internetseite gelangt sind<\/li><li>die Seiten bzw. Unterseiten, welche Sie auf unserer Internetseite besuchen.<\/li><\/ul>\n\n\n\n<p>erheben. Die vorgenannten Daten werden als Logfiles auf den Servern unseres Anbieters gespeichert. Dies ist erforderlich, um die Stabilit\u00e4t und Sicherheit des Betriebs unserer Internetseite zu gew\u00e4hrleisten.<\/p>\n\n\n\n<p><strong>Betroffene Daten:<\/strong><\/p>\n\n\n\n<ul class=\"wp-block-list\"><li>Inhaltsdaten (bspw. Posts, Fotos, Videos)<\/li><li>Nutzungsdaten (bspw. Zugriffszeiten, angeklickte Webseiten)<\/li><li>Kommunikationsdaten (bspw. Informationen \u00fcber das genutzte Ger\u00e4t, IP-Adresse)<\/li><\/ul>\n\n\n\n<p><strong>Betroffene Personen: <\/strong>Nutzer unserer Internetpr\u00e4senz<\/p>\n\n\n\n<p><strong>Verarbeitungszweck: <\/strong>Ausspielen unserer Internetseiten, Gew\u00e4hrleistung des Betriebs unserer Internetseiten<\/p>\n\n\n\n<p><strong>Rechtsgrundlage:<\/strong> Berechtigtes Interesse, Art. 6 Abs. 1 lit. f DSGVO<\/p>\n\n\n\n<p><strong>Von uns beauftragte(r) Webhoster:<\/strong><\/p>\n\n\n\n<p><strong>1&amp;1 Webhosting<\/strong><\/p>\n\n\n\n<p>Dienstanbieter: 1&amp;1 Telecommunication SE, Elgendorfer Str. 57, 56410 Montabaur<br>Internetseite: <a href=\"https:\/\/www.1und1.de\/\">https:\/\/www.1und1.de\/<\/a><br>Datenschutzerkl\u00e4rung: <a href=\"https:\/\/www.1und1.de\/Datenschutz\">https:\/\/www.1und1.de\/Datenschutz<\/a><\/p>\n\n\n\n<h2 class=\"wp-block-heading\">Kontaktaufnahme<\/h2>\n\n\n\n<p>Soweit Sie uns \u00fcber E-Mail, Soziale Medien, Telefon, Fax, Post, unser Kontaktformular oder sonstwie ansprechen und uns hierbei personenbezogene Daten wie Ihren Namen, Ihre Telefonnummer oder Ihre E-Mail-Adresse zur Verf\u00fcgung stellen oder weitere Angaben zur Ihrer Person oder Ihrem Anliegen machen, verarbeiten wir diese Daten zur Beantwortung Ihrer Anfrage im Rahmen des zwischen uns bestehenden vorvertraglichen oder vertraglichen Beziehungen.<\/p>\n\n\n\n<p><strong>Betroffene Daten:<\/strong><\/p>\n\n\n\n<ul class=\"wp-block-list\"><li>Bestandsdaten (bspw. Namen, Adressen)<\/li><li>Kontakdaten (bspw. E-Mail-Adresse, Telefonnummer, Postanschrift)<\/li><li>Inhaltsdaten (Texte, Fotos, Videos)<\/li><li>Vertragsdaten (bspw. Vertragsgegenstand, Vertragsdauer)<\/li><\/ul>\n\n\n\n<p><strong>Betroffene Personen: <\/strong>Interessenten, Kunden, Gesch\u00e4fts- und Vertragspartner<\/p>\n\n\n\n<p><strong>Verarbeitungszweck: <\/strong>Kommunikation sowie Beantwortung von Kontaktanfragen, B\u00fcro und Organisationsverfahren<\/p>\n\n\n\n<p><strong>Rechtsgrundlage:<\/strong> Vertragserf\u00fcllung und vorvertragliche Anfragen, Art. 6 Abs. 1 lit. b DSGVO, berechtigtes Interesse, Art. 6 Abs. 1 lit. f DSGVO<\/p>\n\n\n\n<h2 class=\"wp-block-heading\">Online-Werbung<\/h2>\n\n\n\n<p>Wir nutzen Dienste zum Ausspielen von Internetwerbung. \u00dcber die von uns genutzten Dienste werden durch einen Cookie oder Pixel bestimmte Nutzerdaten erhoben. Hierzu z\u00e4hlen insbesondere die Information von welcher Internetseite Sie auf unsere Internetpr\u00e4senz gelangt sind (sogenannte Referrer), auf welche Seiten unserer Internetpr\u00e4senz Sie zugegriffen haben, wie lange Sie unsere Seiten besucht und welche Interaktionen Sie dort vorgenommen haben. Daneben werden Daten zu dem von Ihnen verwendeten Browser, Computersystem sowie der Ger\u00e4teart erhoben. Au\u00dferdem k\u00f6nnen \u00fcber einen solchen Dienst auch demographische Informationen, wie bspw. das Alter oder das Geschlecht als pseudonyme Werte erfasst werden. Sofern Sie in die Erhebung Ihrer Standortdaten eingewilligt haben, k\u00f6nnen, je nach Anbieter, auch diese verarbeitet werden. Um diese Daten zu erfassen und zu speichern, setzt der jeweilige Dienst einen Cookie bzw. einen sogenannten Z\u00e4hl-Pixel auf das von Ihnen genutzte Endger\u00e4t, mit dem auch die Ihnen zugeordnete IP-Adresse erhoben wird. Allerdings wird diese \u00fcber ein sogenanntes IP-Masking-Verfahren gek\u00fcrzt, so dass die IP-Adresse nicht mehr Ihrem Besuch auf unserer Internetseite zugeordnet werden kann. Grunds\u00e4tzlich werden beim Einsatz des jeweiligen Dienstes keine Klardaten wie Namen oder E-Mail-Adressen gespeichert. Dies ist nur dann der Fall, wenn Sie Mitglied eines sozialen Netzwerks sind, das einen der nachstehend genannten Dienste anbietet und Ihr Profil mit dem vorgenannten Datenmaterial zusammenf\u00fchrt.<\/p>\n\n\n\n<p>Die Daten werden von dem von uns eingesetzte Dienst ausgewertet, um daraus einen Bericht mit statistischen Aussagen \u00fcber die Anzahl der \u00fcber die Werbung generierten Besucher und den Erfolg der Werbema\u00dfnahme zu fertigen. In den Berichten werden unter anderem die Gesamtanzahl der Nutzer, die \u00fcber unsere Anzeigen auf unsere Webseite weitergeleitet wurden ausgewiesen. Daneben enthalten die Berichte Informationen zu den Endger\u00e4ten und Browsern der&nbsp;Nutzer, an welchen Standorten sich die Nutzer befanden, zu welchen Zeiten die Werbeanzeige geklickt wurde. In den Berichten sind jedoch keine Informationen enthalten, mit denen Sie sich als Nutzer unserer Seite pers\u00f6nlich identifizieren lie\u00dfen.<\/p>\n\n\n\n<p>Wir m\u00f6chten Sie darauf hinweisen, dass je nach Sitz des Diensteanbieters die \u00fcber den Dienst erfassten Daten au\u00dferhalb des Raumes der Europ\u00e4ischen Union \u00fcbertragen und verarbeitet werden k\u00f6nnen. Es besteht in diesem Fall das Risiko, dass das von der DSGVO vorgeschriebene Datenschutzniveau nicht eingehalten und die Durchsetzung Ihrer Rechte nicht oder nur erschwert erfolgen kann.<\/p>\n\n\n\n<p><strong>Betroffene Daten:<\/strong><\/p>\n\n\n\n<ul class=\"wp-block-list\"><li>Nutzungsdaten (bspw. Zugriffszeiten, angeklickte Webseiten)<\/li><li>Kommunikationsdaten (bspw. Informationen \u00fcber das genutzte Ger\u00e4t, IP-Adresse)<\/li><\/ul>\n\n\n\n<p><strong>Betroffene Personen: <\/strong>Nutzer unserer Onlineangebote<\/p>\n\n\n\n<p><strong>Verarbeitungszweck: <\/strong>Reichweitenmessung, Erfolgskontrolle von Kampagnen, Remarketing sowie interessen- und verhaltensbedingtes Marketing<\/p>\n\n\n\n<p><strong>Rechtsgrundlage:<\/strong> Sofern wir Sie vor dem Einsatz des jeweiligen Dienstes um Ihre Einwilligung gebeten haben, liegt hierin die Rechtsgrundlage, Art. 6 Abs. 1 lit. a DSGVO. Im \u00dcbrigen setzen wir den jeweiligen Dienst auf Grund unseres berechtigten Interesses ein, Besucherstr\u00f6me auf unsere Internetseite zu leiten, diese Besucherstr\u00f6me zu analysieren, um hier\u00fcber die Funktionen, Angebote sowie das Nutzungserlebnis fortlaufend verbessern zu k\u00f6nnen, Art. 6 Abs. 1 lit. f DSGVO.<\/p>\n\n\n\n<p><strong>Wir nutzen zur Online-Werbung folgende Diensteanbieter:<\/strong><\/p>\n\n\n\n<p><strong>Facebook Pixel<\/strong><\/p>\n\n\n\n<p>Diensteanbieter: Facebook Inc., 1 Hacker Way, Menlo Park, CA 94025, USA<br>Sitz in Europa: Facebook Ireland Ltd., 4 Grand Canal Square, Grand Canal Harbour, Dublin 2, Irland<br>Internetseite: <a href=\"https:\/\/www.facebook.com\">https:\/\/www.facebook.com<\/a><br>Datenschutzerkl\u00e4rung: <a href=\"https:\/\/www.facebook.com\/about\/privacy\">https:\/\/www.facebook.com\/about\/privacy<\/a><br><strong>Opt-Out-M\u00f6glichkeit:<\/strong> <a href=\"https:\/\/www.facebook.com\/settings?tab=ads\">https:\/\/www.facebook.com\/settings?tab=ads<\/a><\/p>\n\n\n\n<p><strong>Google AdSense<\/strong><\/p>\n\n\n\n<p>Dienstanbieter: Google Inc., 1600 Amphitheatre Parkway, Mountain View, CA 94043, USA<br>Sitz in Europa: Google Dublin, Google Ireland Ltd., Gordon House, Barrow Street, Dublin 4, Irland<br>Internetseite: <a href=\"https:\/\/www.google.com\/intl\/de_de\/adsense\/start\/\">https:\/\/www.google.com\/intl\/de_de\/adsense\/start\/<\/a><br>Datenschutzerkl\u00e4rung: <a href=\"https:\/\/www.google.de\/intl\/de\/policies\/privacy\">http:\/\/www.google.de\/intl\/de\/policies\/privacy<\/a><\/p>\n\n\n\n<p><strong>Google Ads<\/strong><\/p>\n\n\n\n<p>Dienstanbieter: Google Inc., 1600 Amphitheatre Parkway, Mountain View, CA 94043, USA<br>Sitz in Europa: Google Dublin, Google Ireland Ltd., Gordon House, Barrow Street, Dublin 4, Irland<br>Internetseite: <a href=\"https:\/\/ads.google.com\/home\/\">https:\/\/ads.google.com\/home\/<\/a><br>Datenschutzerkl\u00e4rung:<a href=\"https:\/\/www.google.de\/intl\/de\/policies\/privacy\"> http:\/\/www.google.de\/intl\/de\/policies\/privacy<\/a><\/p>\n\n\n\n<h2 class=\"wp-block-heading\">Werbung per E-Mail, Post oder Telefon<\/h2>\n\n\n\n<p>F\u00fcr unsere werbliche Kommunikation per E-Mail, Post oder Telefon verarbeiten wir personenbezogene Daten. Sie k\u00f6nnen dem Erhalt unserer Werbema\u00dfnahmen jeder Zeit widersprechen oder die zuvor erteilte Einwilligung zum Erhalt unserer werblichen Kommunikation zu jeder Zeit widerrufen. Um auch nach Ihrem Widerspruch bzw. Widerruf im Zweifelsfall nachweisen zu k\u00f6nnen, dass Ihre Einwilligung vorlag, k\u00f6nnen wir Ihre Daten nach Ihrem Widerspruch\/Widerruf bis zu 4 Jahre speichern. F\u00fcr weitere Zwecke verwenden wir Ihre Daten nach Ihrem Widerspruch\/Widerruf nicht mehr. Sofern Sie wollen, dass wir Ihre Daten vorher l\u00f6schen, werden wir das tun, nachdem Sie uns best\u00e4tigt haben, dass Sie uns urspr\u00fcnglich eine Einwilligung erteilt haben.<\/p>\n\n\n\n<p><strong>Betroffene Daten:<\/strong><\/p>\n\n\n\n<ul class=\"wp-block-list\"><li>Kontaktdaten (z.B. E-Mail, Telefonnummer, Postadresse)<\/li><li>Bestandsdaten (z.B. Namen, Adressen)<\/li><\/ul>\n\n\n\n<p><strong>Betroffene Personen: <\/strong>Kommunikationspartner<\/p>\n\n\n\n<p><strong>Verarbeitungszweck: <\/strong>Direkte Werbema\u00dfnahmen (Marketing) per E-Mail, Post oder Telefon<\/p>\n\n\n\n<p><strong>Rechtsgrundlage:<\/strong> Einwilligung, Art. 6 Abs. 1 lit. a DSGVO, berechtigtes Interesse, Art. 6 Abs. 1 lit. f DSGVO<\/p>\n\n\n\n<h2 class=\"wp-block-heading\">Webanalyse und Statistik<\/h2>\n\n\n\n<p>Um die Besucherstr\u00f6me auf unserer Internetpr\u00e4senz zu erfassen und statistisch auszuwerten, setzen wir Webanalyse-Dienste ein. Solche Dienste erfassen unter anderem Daten dar\u00fcber, von welcher Internetseite Sie auf unsere Internetpr\u00e4senz gelangt sind (sogenannte Referrer), auf welche Seiten unserer Internetpr\u00e4senz Sie zugegriffen haben, wie lange Sie unsere Seiten besucht und welche Interaktionen Sie dort vorgenommen haben. Daneben werden Daten zu dem von Ihnen verwendeten Browser, Computersystem sowie der Ger\u00e4teart erhoben. Au\u00dferdem k\u00f6nnen \u00fcber einen solchen Dienst auch demographische Informationen, wie bspw. das Alter oder das Geschlecht als pseudonyme Werte erfasst werden. Sofern Sie in die Erhebung Ihrer Standortdaten eingewilligt haben, k\u00f6nnen, je nach Anbieter, auch diese verarbeitet werden.<\/p>\n\n\n\n<p>Um diese Daten zu erfassen und zu speichern, setzt der von uns verwendete Webanalyse-Dienst in der Regel einen Cookie auf das von Ihnen genutzte Endger\u00e4t, mit dem auch die Ihnen zugeordnete IP-Adresse erhoben wird. Allerdings wird diese \u00fcber ein sogenanntes IP-Masking-Verfahren gek\u00fcrzt, so dass die IP-Adresse nicht mehr Ihrem Besuch auf unserer Internetseite zugeordnet werden kann. Auch im \u00dcbrigen werden keine Klardaten wie Namen oder E-Mail-Adressen gespeichert. Weder wir noch der von uns eingesetzte Dienst kennt die Identit\u00e4t der Besucher unserer Internetseiten.<\/p>\n\n\n\n<p>Wir m\u00f6chten Sie darauf hinweisen, dass je nach Sitzland des unten genannten Diensteanbieters die \u00fcber den Dienst erfassten Daten au\u00dferhalb des Raumes der Europ\u00e4ischen Union \u00fcbertragen und verarbeitet werden k\u00f6nnen. Es besteht in diesem Fall das Risiko, dass das von der DSGVO vorgeschriebene Datenschutzniveau nicht eingehalten und die Durchsetzung Ihrer Rechte nicht oder nur erschwert erfolgen kann.<\/p>\n\n\n\n<p><strong>Betroffene Daten:<\/strong><\/p>\n\n\n\n<ul class=\"wp-block-list\"><li>Nutzungsdaten (bspw. Zugriffszeiten, angeklickte Webseiten)<\/li><li>Kommunikationsdaten (bspw. Informationen \u00fcber das genutzte Ger\u00e4t, IP-Adresse).<\/li><\/ul>\n\n\n\n<p><strong>Betroffene Personen: <\/strong>Nutzer unserer Onlineangebote<\/p>\n\n\n\n<p><strong>Verarbeitungszweck: <\/strong>Reichweitenmessung, Erfolgskontrolle von Kampagnen, Remarketing sowie interessen- und verhaltensbedingtes Marketing<\/p>\n\n\n\n<p><strong>Rechtsgrundlage:<\/strong> Sofern wir Sie vor dem Einsatz des jeweiligen Dienstes um Ihre Einwilligung gebeten haben, liegt hierin die Rechtsgrundlage, Art. 6 Abs. 1 lit. a DSGVO. Im \u00dcbrigen setzen wir den jeweiligen Dienst auf Grund unseres berechtigten Interesse ein, die Besucherstr\u00f6me unserer Internetseiten analysieren, um hier\u00fcber die Funktionen, Angebote sowie das Nutzungserlebnis fortlaufend verbessern zu k\u00f6nnen, Art. 6 Abs. 1 lit. f DSGVO.<\/p>\n\n\n\n<p><strong>Wir nutzen folgende Webanalyse-Dienste:<\/strong><\/p>\n\n\n\n<p><strong>Google Analytics<\/strong><\/p>\n\n\n\n<p>Dienstanbieter: Google Inc., 1600 Amphitheatre Parkway, Mountain View, CA 94043, USA<br>Sitz innerhalb der EU: Google Dublin, Google Ireland Ltd., Gordon House, Barrow Street, Dublin 4, Ireland<br>Internetseite: <a href=\"https:\/\/marketingplatform.google.com\/intl\/de\/about\/analytics\/\" target=\"_blank\" rel=\"noreferrer noopener\">https:\/\/marketingplatform.google.com\/intl\/de\/about\/analytics\/<\/a><br>Datenschutzerkl\u00e4rung: <a href=\"https:\/\/policies.google.com\/privacy?hl=de\">https:\/\/policies.google.com\/privacy?hl=de<\/a><br><strong>Opt-Out-M\u00f6glichkeit<\/strong>: Wenn Sie nicht m\u00f6chten, dass Ihre Daten von Google Analytics verwendet werden. k\u00f6nnen Sie ein sog. Opt-Out Plugin setzen, welches zuk\u00fcnftig verhindert, dass Daten von Ihnen auf unserer Webseite erfasst werden. Dieses Plugin erhalten Sie hier: <a href=\"https:\/\/tools.google.com\/dlpage\/gaoptout?hl=de\">https:\/\/tools.google.com\/dlpage\/gaoptout?hl=de<\/a><\/p>\n\n\n\n<p><strong>Google Universal Analytics<\/strong><\/p>\n\n\n\n<p>Dienstanbieter: Google Inc., 1600 Amphitheatre Parkway, Mountain View, CA 94043, USA<br>Sitz innerhalb der EU: Google Dublin, Google Ireland Ltd., Gordon House, Barrow Street, Dublin 4, Ireland<br>Internetseite: <a href=\"https:\/\/marketingplatform.google.com\/intl\/de\/about\/analytics\/\" target=\"_blank\" rel=\"noreferrer noopener\">https:\/\/marketingplatform.google.com\/intl\/de\/about\/analytics\/<\/a><br>Datenschutzerkl\u00e4rung: <a href=\"https:\/\/policies.google.com\/privacy?hl=de\">https:\/\/policies.google.com\/privacy?hl=de<\/a><br><strong>Cross-Device-Tracking: <\/strong>Beim Cross-Device-Tracking k\u00f6nnen mit Hilfe einer User-ID nicht nur die Daten von den von Ihnen besuchten Internetseiten, sondern auch Daten von anderen Ger\u00e4ten ausgewertet und der Nutzer auf dem anderen Ger\u00e4t wiedererkannt werden. Die User-ID wird von uns vergeben. Sie dient dabei als Pseudonym. Eine Identifizierung des Internetnutzers ist hierbei ausgeschlossen.<br><strong>Opt-Out-M\u00f6glichkeit:<\/strong> Wenn Sie nicht m\u00f6chten, dass Ihre Daten von Google Analytics verwendet werden. k\u00f6nnen Sie ein sog. Opt-Out Plugin setzen, welches zuk\u00fcnftig verhindert, dass Daten von Ihnen auf unserer Webseite erfasst werden. Dieses Plugin erhalten Sie hier: <a href=\"https:\/\/tools.google.com\/dlpage\/gaoptout?hl=de\">https:\/\/tools.google.com\/dlpage\/gaoptout?hl=de<\/a><\/p>\n\n\n\n<h2 class=\"wp-block-heading\">Unsere Onlinepr\u00e4senzen bei sozialen Netzwerken<\/h2>\n\n\n\n<p>Wir betreiben Onlinepr\u00e4senzen innerhalb der nachfolgend aufgelisteten sozialen Netzwerke. Besuchen Sie eine dieser Pr\u00e4senzen, werden durch den jeweiligen Anbieter die unten n\u00e4her aufgef\u00fchrten Daten erhoben und verarbeitet. In der Regel werden diese Daten zur Werbe- und Marktforschungszwecke erhoben und hiermit Nutzungsprofile angelegt. In den Nutzungsprofilen k\u00f6nnen Daten unabh\u00e4ngig des von Ihnen verwendeten Ger\u00e4tes gespeichert werden. Dies ist insbesondere dann der Fall, wenn Sie Mitglied der jeweiligen Plattform und bei dieser eingeloggt sind. Die Nutzungsprofile k\u00f6nnen von den Anbietern dazu verwendet werden, um Ihnen interessenbezogene Werbung auszuspielen. Gegen die Erstellung von Nutzerprofilen steht Ihnen ein Widerrufsrecht zu. Um dieses auszu\u00fcben, m\u00fcssen Sie sich an den jeweiligen Anbieter wenden.<\/p>\n\n\n\n<p>Wenn Sie einen Account bei einem der unten aufgef\u00fchrten Anbieter besitzen und beim Besuch unserer Webseite dort eingeloggt sind, kann der jeweilige Anbieter Daten \u00fcber Ihr Nutzungsverhalten auf unserer Webseite erheben. Um eine solche Verkn\u00fcpfung Ihrer Daten zu verhindern, k\u00f6nnen Sie sich vor dem Besuch unserer Seite bei dem Dienst des Anbieters ausloggen.<\/p>\n\n\n\n<p>Zu welchem Zweck und in welchem Umfang Daten von dem Anbieter erhoben werden, k\u00f6nnen Sie den jeweiligen, im Folgenden mitgeteilten, Datenschutzerkl\u00e4rungen der Anbieter entnehmen.<\/p>\n\n\n\n<p>Wir m\u00f6chten Sie darauf hinweisen, dass je nach Sitzland des unten genannten Anbieters die \u00fcber dessen Plattform erfassten Daten au\u00dferhalb des Raumes der Europ\u00e4ischen Union \u00fcbertragen und verarbeitet werden k\u00f6nnen. Es besteht in diesem Fall das Risiko, dass das von der DSGVO vorgeschriebene Datenschutzniveau nicht eingehalten und die Durchsetzung Ihrer Rechte nicht oder nur erschwert erfolgen kann.<\/p>\n\n\n\n<p><strong>Betroffene Daten:<\/strong><\/p>\n\n\n\n<ul class=\"wp-block-list\"><li>Bestands- und Kontaktdaten (bspw. Name, Adresse, Telefonnummer, E-Mail-Adresse)<\/li><li>Inhaltsdaten (bspw. Posts, Fotos, Videos)<\/li><li>Nutzungsdaten (bspw. Zugriffszeiten, angeklickte Webseiten)<\/li><li>Kommunikationsdaten (bspw. Informationen \u00fcber das genutzte Ger\u00e4t, IP-Adresse).<\/li><\/ul>\n\n\n\n<p><strong>Verarbeitungszweck: <\/strong>Kommunikation und Marketing, Verfolgen und Anaylse von Nutzerverhalten<\/p>\n\n\n\n<p><strong>Rechtsgrundlage:<\/strong> Einwilligung, Art. 6 Abs. 1 lit. a DSGVO, berechtigtes Interessen Art. 6 Abs. 1 lit. f DSGVO<\/p>\n\n\n\n<p><strong>Widerspruchsm\u00f6glichkeiten: <\/strong>Zu den jeweiligen Widerspruchsm\u00f6glichkeiten (Opt-Out) verweisen wir auf die nachfolgend verlinkten Angaben der Anbieter.<\/p>\n\n\n\n<p><strong>Wir unterhalten Onlinepr\u00e4senzen auf folgenden sozialen Netzwerken:<\/strong><\/p>\n\n\n\n<p><strong>Facebook<\/strong><\/p>\n\n\n\n<p>Dienstanbieter: Facebook Inc., 1 Hacker Way, Menlo Park, CA 94025, USA<br>Sitz in der EU: Facebook Ireland Ltd., 4 Grand Canal Square, Grand Canal Harbour, Dublin 2, Irland<br>Internetseite: <a href=\"https:\/\/www.facebook.com\/\">https:\/\/www.facebook.com\/<\/a><br>Datenschutzerkl\u00e4rung: <a href=\"https:\/\/www.facebook.com\/about\/privacy\/\">https:\/\/www.facebook.com\/about\/privacy\/<\/a><br>Datenschutzerkl\u00e4rung f\u00fcr Facebook-Seiten: <a href=\"https:\/\/www.facebook.com\/legal\/terms\/information_about_page_insights_data\">https:\/\/www.facebook.com\/legal\/terms\/information_about_page_insights_data<\/a><\/p>\n\n\n\n<h2 class=\"wp-block-heading\">Messenger-Dienste<\/h2>\n\n\n\n<p>Wir kommunizieren \u00fcber Messenger-Dienste. Bei Messenger-Diensten handelt es sich um Chat-Programme, mit der \u00fcber das Internet Textnachrichten, aber auch Bild- oder Videodateien in Echtzeit zwischen Nutzern versendet werden k\u00f6nnen. Daneben k\u00f6nnen Messenger-Dienste auch dazu genutzt werden, um Emoticons, elektronische Gru\u00dfkarten und Kontakte zu \u00fcbermitteln. Damit Nachrichten \u00fcbertragen werden k\u00f6nnen, m\u00fcssen die Teilnehmer mit einem Computerprogramm (genannt Client) \u00fcber ein Netz wie das Internet direkt oder \u00fcber einen Server miteinander verbunden sein. In der Regel k\u00f6nnen Nachrichten auch abgeschickt werden, wenn der Gespr\u00e4chspartner nicht online ist &#8211; die Nachricht wird dann vom Server des Dienstes zwischengespeichert und sp\u00e4ter an den Empf\u00e4nger ausgeliefert, wenn dieser wieder erreichbar ist. Schlie\u00dflich k\u00f6nnen diese Dienste auch zur Bildschirm\u00fcbertragung und f\u00fcr Online-Games eingesetzt werden.<\/p>\n\n\n\n<p>Sofern der Dienst eine Ende-zu-Ende-Verschl\u00fcsselung f\u00fcr den versendeten Inhalt (Texte, Anh\u00e4nge) verwendet, k\u00f6nnen nur die ausgew\u00e4hlten Kommunikationspartner, nicht aber Dritte oder der Diensteanbieter selbst die Nachricht einsehen. Insofern empfehlen wir, die Updates f\u00fcr den Dienst regelm\u00e4\u00dfig einzuspielen, um die Verschl\u00fcsselung der Inhalte sicherzustellen. Der Diensteanbieter hat jedoch die M\u00f6glichkeit, auf die Metadaten der Kommunikation zuzugreifen. Hierzu geh\u00f6ren Zeit und (je nach Einstellung) Ort der Kommunikation sowie das von Ihnen verwendete Ger\u00e4t.<\/p>\n\n\n\n<p>Wir m\u00f6chten Sie darauf hinweisen, dass je nach Sitzland des unten genannten Anbieters die \u00fcber dessen Plattform erfassten Daten au\u00dferhalb des Raumes der Europ\u00e4ischen Union \u00fcbertragen und verarbeitet werden k\u00f6nnen. Es besteht in diesem Fall das Risiko, dass das von der DSGVO vorgeschriebene Datenschutzniveau nicht eingehalten und die Durchsetzung Ihrer Rechte nicht oder nur erschwert erfolgen kann.<\/p>\n\n\n\n<p><strong>Betroffene Daten:<\/strong><\/p>\n\n\n\n<ul class=\"wp-block-list\"><li>Bestands- und Kontaktdaten (bspw. Name, Telefonnummer, E-Mail-Adresse)<\/li><li>Inhaltsdaten (bspw. Posts, Fotos, Videos)<\/li><li>Nutzungsdaten (bspw. Zugriffszeiten, angeklickte Webseiten)<\/li><li>Kommunikationsdaten (bspw. Informationen \u00fcber das genutzte Ger\u00e4t, IP-Adresse).<\/li><\/ul>\n\n\n\n<p><strong>Verarbeitungszweck: <\/strong>Kommunikation und Marketing<\/p>\n\n\n\n<p><strong>Rechtsgrundlage:<\/strong> Sofern wir Sie vor dem Einsatz des jeweiligen Dienstes um Ihre Einwilligung gebeten haben, liegt hierin die Rechtsgrundlage, Art. 6 Abs. 1 lit. a DSGVO. Insofern stellen wir klar, dass wir die Ihre Kontaktdaten ohne Ihre Einwilligung nicht erstmalig an den Diensteanbieter \u00fcbermitteln. Sofern wir mit Ihnen im Rahmen einer Vertragsanbahnung oder im Rahmen eines bestehenden vertraglichen Verh\u00e4ltnisses \u00fcber einen der nachfolgenden genannten Dienste kommunizieren, besteht die Rechtsgrundlage in der Erf\u00fcllung oder Vorbereitung des Vertrages, Art. 6 Abs. 1 lit. b DSGVO. Im \u00dcbrigen berufen wir uns auf unsere berechtigten Interessen an einer schnellen und effizienten Kommunikation und Erf\u00fcllung der Bed\u00fcrfnisse unser Kommunikationspartner an der Kommunikation der nachfolgend genannten Dienste, Art. 6 Abs. 1 lit. f DSGVO.<\/p>\n\n\n\n<p><strong>Widerspruchsm\u00f6glichkeiten: <\/strong>Die uns zur Nutzung des nachfolgenden genannten Dienstes erteilte Einwilligung k\u00f6nnen Sie jederzeit widerrufen. Der Kommunikation \u00fcber den Messanger-Dienst k\u00f6nnen Sie zudem jederzeit widersprechen.<\/p>\n\n\n\n<p><strong>Wir nutzen folgende Messenger-Dienste:<\/strong><\/p>\n\n\n\n<p><strong>WhatsApp<\/strong><\/p>\n\n\n\n<p>Dienstanbieter: WhatsApp Inc. 1601 Willow Road Menlo Park, California 94025, USA<br>Sitz in der EU: Whatsapp Ireland Ltd., 4 Grand Canal Square, Grand Canal Harbour, Dublin 2, Irland<br>Mutterunternehmen: Facebook Inc., 1 Hacker Way, Menlo Park, CA 94025, USA<br>Internetseite: <a href=\"https:\/\/www.whatsapp.com\/\">https:\/\/www.whatsapp.com\/<\/a><br>Datenschutzerkl\u00e4rung: <a href=\"https:\/\/www.whatsapp.com\/legal\/?eea=1#privacy-policy\">https:\/\/www.whatsapp.com\/legal\/?eea=1#privacy-policy<\/a><\/p>\n\n\n\n<h2 class=\"wp-block-heading\">Sicherheitsma\u00dfnahmen<\/h2>\n\n\n\n<p>Wir treffen im \u00dcbrigen technische und organisatorische Sicherheitsma\u00dfnahmen nach dem Stand der Technik, um die Vorschriften der Datenschutzgesetze einzuhalten und Ihre Daten gegen zuf\u00e4llige oder vors\u00e4tzliche Manipulationen, teilweisen oder vollst\u00e4ndigen Verlust, Zerst\u00f6rung oder gegen den unbefugten Zugriff Dritter zu sch\u00fctzen.<\/p>\n\n\n\n<h2 class=\"wp-block-heading\">Aktualit\u00e4t und \u00c4nderung dieser Datenschutzerkl\u00e4rung<\/h2>\n\n\n\n<p>Diese Datenschutzerkl\u00e4rung ist aktuell g\u00fcltig und hat den Stand August 2021. Aufgrund ge\u00e4nderter gesetzlicher bzw. beh\u00f6rdlicher Vorgaben kann es notwendig werden, diese Datenschutzerkl\u00e4rung anzupassen.<\/p>\n\n\n\n<p><strong>Diese Datenschutzerkl\u00e4rung wurde mit Hilfe des Datenschutz-Generators von SOS Recht erstellt. SOS Recht ist ein Angebot der Mueller.legal Rechtsanw\u00e4lte Partnerschaft mit Sitz in Berlin.<\/strong><\/p>\n","protected":false},"excerpt":{"rendered":"<p>Mit dieser Datenschutzerkl\u00e4rung m\u00f6chten wir Sie \u00fcber Art, Umfang und Zweck der Verarbeitung von personenbezogenen Daten (im Folgenden auch nur als &#8222;Daten&#8220; bezeichnet) aufkl\u00e4ren. Personenbezogene Daten<span class=\"excerpt-hellip\"> [\u2026]<\/span><\/p>\n","protected":false},"author":1,"featured_media":0,"parent":0,"menu_order":0,"comment_status":"closed","ping_status":"open","template":"","meta":{"footnotes":""},"class_list":["post-3","page","type-page","status-publish","hentry"],"aioseo_notices":[],"_links":{"self":[{"href":"https:\/\/fewo-am-grossen-stein.de\/fewo\/wp-json\/wp\/v2\/pages\/3"}],"collection":[{"href":"https:\/\/fewo-am-grossen-stein.de\/fewo\/wp-json\/wp\/v2\/pages"}],"about":[{"href":"https:\/\/fewo-am-grossen-stein.de\/fewo\/wp-json\/wp\/v2\/types\/page"}],"author":[{"embeddable":true,"href":"https:\/\/fewo-am-grossen-stein.de\/fewo\/wp-json\/wp\/v2\/users\/1"}],"replies":[{"embeddable":true,"href":"https:\/\/fewo-am-grossen-stein.de\/fewo\/wp-json\/wp\/v2\/comments?post=3"}],"version-history":[{"count":3,"href":"https:\/\/fewo-am-grossen-stein.de\/fewo\/wp-json\/wp\/v2\/pages\/3\/revisions"}],"predecessor-version":[{"id":284,"href":"https:\/\/fewo-am-grossen-stein.de\/fewo\/wp-json\/wp\/v2\/pages\/3\/revisions\/284"}],"wp:attachment":[{"href":"https:\/\/fewo-am-grossen-stein.de\/fewo\/wp-json\/wp\/v2\/media?parent=3"}],"curies":[{"name":"wp","href":"https:\/\/api.w.org\/{rel}","templated":true}]}}